{"id":2,"date":"2016-05-10T03:48:21","date_gmt":"2016-05-10T03:48:21","guid":{"rendered":"http:\/\/wp452m.a10-52-158-154.qa.plesk.ru\/wordpress\/?page_id=2"},"modified":"2021-10-03T11:53:37","modified_gmt":"2021-10-03T09:53:37","slug":"sample-page","status":"publish","type":"page","link":"https:\/\/ra-schmieder.de\/?page_id=2","title":{"rendered":"Rechtsanwalt"},"content":{"rendered":"<h3 class=\"Century Gothic\"><span style=\"color: #007272;\"><img loading=\"lazy\" decoding=\"async\" class=\"size-medium wp-image-123 alignright\" src=\"https:\/\/i0.wp.com\/baurecht.ra-schmieder.de\/wp-content\/uploads\/2016\/05\/DSC09341-e1478107328898-200x300.jpg?resize=200%2C300\" alt=\"dsc09341\" width=\"200\" height=\"300\" data-recalc-dims=\"1\" \/><\/span><\/h3>\n<h3 class=\"Century Gothic\"><\/h3>\n<h3 class=\"Century Gothic\"><span style=\"color: #007272;\">K<span class=\"S5\">arsten <span style=\"color: #007272;\">Schmieder<\/span><\/span><\/span><\/h3>\n<h4><span class=\"S2\">Geboren 1966 in Spaichingen<br \/>\n<\/span><\/h4>\n<h4><span class=\"S2\">Studium der Rechtswissenschaften an der Universit\u00e4t Konstanz von 1987 &#8211; 1992<\/span><\/h4>\n<h4>Juristischer Vorbereitungsdienst beim Landgericht Stuttgart von 1992-1995<\/h4>\n<h4><span class=\"S2\">Zugelassen als Rechtsanwalt seit Februar 1995<\/span><\/h4>\n<h4 align=\"left\"><\/h4>\n<h4 align=\"left\"><span class=\"S2\">Mitgliedschaften:<\/span><\/h4>\n<h4 class=\"Century Gothic\"><span style=\"color: #007272;\"><a style=\"color: #007272;\" href=\"http:\/\/www.dav.de\" target=\"_blank\" rel=\"noopener\"><span class=\"S6\">Deutscher Anwaltverein<\/span><\/a><\/span><\/h4>\n<h4 align=\"left\"><span class=\"S2\">Rottweiler Anwaltverein<\/span><\/h4>\n<h4 class=\"Century Gothic\"><span style=\"color: #007272;\"><a style=\"color: #007272;\" href=\"http:\/\/www.verkehrsanwaelte.de\" target=\"_blank\" rel=\"noopener\"><span class=\"S6\">Arbeitsgemeinschaft Verkehrsrecht im DAV<\/span><\/a><\/span><\/h4>\n<h4 class=\"Century Gothic\"><span style=\"color: #007272;\"><a style=\"color: #007272;\" href=\"http:\/\/www.advounion.de\" target=\"_blank\" rel=\"noopener\"><span class=\"S6\">AdvoUnion<\/span><\/a><\/span><\/h4>\n<h4 align=\"left\"><span class=\"S2\">Vorsitzender des Gutachterausschusses f\u00fcr die Wertermittlung von Grundst\u00fccken der Stadt Spaichingen<\/span><\/h4>\n<h4>Mitglied des Striftungsrates der B\u00fcrgerstiftung Spaichingen<\/h4>\n<h4>Schriftf\u00fchrer beim Sportverein Spaichingen 08 e.V.<\/h4>\n","protected":false},"excerpt":{"rendered":"<p class=\"excerpt\">Karsten Schmieder Geboren 1966 in Spaichingen Studium der Rechtswissenschaften an der Universit\u00e4t Konstanz von 1987 &#8211; 1992 Juristischer Vorbereitungsdienst beim Landgericht Stuttgart von 1992-1995 Zugelassen als Rechtsanwalt seit Februar 1995 Mitgliedschaften: Deutscher Anwaltverein Rottweiler Anwaltverein Arbeitsgemeinschaft Verkehrsrecht im DAV AdvoUnion Vorsitzender des Gutachterausschusses f\u00fcr die Wertermittlung von Grundst\u00fccken der Stadt Spaichingen Mitglied des Striftungsrates der B\u00fcrgerstiftung Spaichingen Schriftf\u00fchrer beim Sportverein&hellip;<\/p>\n<p class=\"more-link-p\"><a class=\"btn btn-default\" href=\"https:\/\/ra-schmieder.de\/?page_id=2\">Read more<\/a><\/p>\n","protected":false},"author":1,"featured_media":0,"parent":0,"menu_order":0,"comment_status":"closed","ping_status":"open","template":"","meta":{"footnotes":""},"class_list":["post-2","page","type-page","status-publish","hentry"],"_links":{"self":[{"href":"https:\/\/ra-schmieder.de\/index.php?rest_route=\/wp\/v2\/pages\/2","targetHints":{"allow":["GET"]}}],"collection":[{"href":"https:\/\/ra-schmieder.de\/index.php?rest_route=\/wp\/v2\/pages"}],"about":[{"href":"https:\/\/ra-schmieder.de\/index.php?rest_route=\/wp\/v2\/types\/page"}],"author":[{"embeddable":true,"href":"https:\/\/ra-schmieder.de\/index.php?rest_route=\/wp\/v2\/users\/1"}],"replies":[{"embeddable":true,"href":"https:\/\/ra-schmieder.de\/index.php?rest_route=%2Fwp%2Fv2%2Fcomments&post=2"}],"version-history":[{"count":52,"href":"https:\/\/ra-schmieder.de\/index.php?rest_route=\/wp\/v2\/pages\/2\/revisions"}],"predecessor-version":[{"id":378,"href":"https:\/\/ra-schmieder.de\/index.php?rest_route=\/wp\/v2\/pages\/2\/revisions\/378"}],"wp:attachment":[{"href":"https:\/\/ra-schmieder.de\/index.php?rest_route=%2Fwp%2Fv2%2Fmedia&parent=2"}],"curies":[{"name":"wp","href":"https:\/\/api.w.org\/{rel}","templated":true}]}}